{"id":10,"date":"2011-01-26T13:40:32","date_gmt":"2011-01-26T13:40:32","guid":{"rendered":"http:\/\/harmoniedemeung.fr\/?page_id=10"},"modified":"2023-03-22T13:00:03","modified_gmt":"2023-03-22T13:00:03","slug":"actualites","status":"publish","type":"page","link":"http:\/\/harmoniedemeung.fr\/?page_id=10","title":{"rendered":"Actualit\u00e9s"},"content":{"rendered":"<h1><span style=\"color: #008080;\">Prochain \u00e9v\u00e9nement:<a href=\"http:\/\/harmoniedemeung.fr\/wp-content\/uploads\/2023\/03\/Affiche-concert-25-mars-2023-1.jpg\"><img loading=\"lazy\" decoding=\"async\" class=\"alignnone size-large wp-image-1357\" src=\"http:\/\/harmoniedemeung.fr\/wp-content\/uploads\/2023\/03\/Affiche-concert-25-mars-2023-1-724x1024.jpg\" alt=\"\" width=\"724\" height=\"1024\" srcset=\"http:\/\/harmoniedemeung.fr\/wp-content\/uploads\/2023\/03\/Affiche-concert-25-mars-2023-1-724x1024.jpg 724w, http:\/\/harmoniedemeung.fr\/wp-content\/uploads\/2023\/03\/Affiche-concert-25-mars-2023-1-212x300.jpg 212w, http:\/\/harmoniedemeung.fr\/wp-content\/uploads\/2023\/03\/Affiche-concert-25-mars-2023-1-768x1086.jpg 768w, http:\/\/harmoniedemeung.fr\/wp-content\/uploads\/2023\/03\/Affiche-concert-25-mars-2023-1-1087x1536.jpg 1087w, http:\/\/harmoniedemeung.fr\/wp-content\/uploads\/2023\/03\/Affiche-concert-25-mars-2023-1-1449x2048.jpg 1449w, http:\/\/harmoniedemeung.fr\/wp-content\/uploads\/2023\/03\/Affiche-concert-25-mars-2023-1-1018x1439.jpg 1018w, http:\/\/harmoniedemeung.fr\/wp-content\/uploads\/2023\/03\/Affiche-concert-25-mars-2023-1.jpg 1562w\" sizes=\"auto, (max-width: 724px) 100vw, 724px\" \/><\/a><\/span><\/h1>\n<h1><span style=\"color: #339966;\"><i>\u00c9v\u00e9nements<\/i><em>&nbsp;pass\u00e9s :<\/em><\/span><\/h1>\n<p><a href=\"http:\/\/harmoniedemeung.fr\/wp-content\/uploads\/2019\/05\/Affiche-2019-Festicolor-23-24-25-mai.jpg\"><img loading=\"lazy\" decoding=\"async\" class=\"alignnone size-large wp-image-1296\" src=\"http:\/\/harmoniedemeung.fr\/wp-content\/uploads\/2019\/05\/Affiche-2019-Festicolor-23-24-25-mai-727x1024.jpg\" alt=\"\" width=\"727\" height=\"1024\" srcset=\"http:\/\/harmoniedemeung.fr\/wp-content\/uploads\/2019\/05\/Affiche-2019-Festicolor-23-24-25-mai-727x1024.jpg 727w, http:\/\/harmoniedemeung.fr\/wp-content\/uploads\/2019\/05\/Affiche-2019-Festicolor-23-24-25-mai-213x300.jpg 213w, http:\/\/harmoniedemeung.fr\/wp-content\/uploads\/2019\/05\/Affiche-2019-Festicolor-23-24-25-mai-768x1082.jpg 768w, http:\/\/harmoniedemeung.fr\/wp-content\/uploads\/2019\/05\/Affiche-2019-Festicolor-23-24-25-mai-1018x1434.jpg 1018w, http:\/\/harmoniedemeung.fr\/wp-content\/uploads\/2019\/05\/Affiche-2019-Festicolor-23-24-25-mai.jpg 1085w\" sizes=\"auto, (max-width: 727px) 100vw, 727px\" \/><\/a><\/p>\n<p><a href=\"http:\/\/harmoniedemeung.fr\/wp-content\/uploads\/2019\/01\/Affiche-soir\u00e9e-t\u00e9l\u00e9.jpg\"><img loading=\"lazy\" decoding=\"async\" class=\"alignnone size-large wp-image-1274\" src=\"http:\/\/harmoniedemeung.fr\/wp-content\/uploads\/2019\/01\/Affiche-soir\u00e9e-t\u00e9l\u00e9-730x1024.jpg\" alt=\"\" width=\"730\" height=\"1024\" srcset=\"http:\/\/harmoniedemeung.fr\/wp-content\/uploads\/2019\/01\/Affiche-soir\u00e9e-t\u00e9l\u00e9-730x1024.jpg 730w, http:\/\/harmoniedemeung.fr\/wp-content\/uploads\/2019\/01\/Affiche-soir\u00e9e-t\u00e9l\u00e9-214x300.jpg 214w, http:\/\/harmoniedemeung.fr\/wp-content\/uploads\/2019\/01\/Affiche-soir\u00e9e-t\u00e9l\u00e9-768x1077.jpg 768w, http:\/\/harmoniedemeung.fr\/wp-content\/uploads\/2019\/01\/Affiche-soir\u00e9e-t\u00e9l\u00e9-713x1000.jpg 713w, http:\/\/harmoniedemeung.fr\/wp-content\/uploads\/2019\/01\/Affiche-soir\u00e9e-t\u00e9l\u00e9.jpg 1078w\" sizes=\"auto, (max-width: 730px) 100vw, 730px\" \/><\/a><\/p>\n<p><a href=\"http:\/\/harmoniedemeung.fr\/wp-content\/uploads\/2011\/02\/Affiche-Festicolor-2018.jpg\"><img loading=\"lazy\" decoding=\"async\" class=\"alignnone size-large wp-image-1264\" src=\"http:\/\/harmoniedemeung.fr\/wp-content\/uploads\/2011\/02\/Affiche-Festicolor-2018-723x1024.jpg\" alt=\"\" width=\"723\" height=\"1024\" srcset=\"http:\/\/harmoniedemeung.fr\/wp-content\/uploads\/2011\/02\/Affiche-Festicolor-2018-723x1024.jpg 723w, http:\/\/harmoniedemeung.fr\/wp-content\/uploads\/2011\/02\/Affiche-Festicolor-2018-212x300.jpg 212w, http:\/\/harmoniedemeung.fr\/wp-content\/uploads\/2011\/02\/Affiche-Festicolor-2018-768x1087.jpg 768w, http:\/\/harmoniedemeung.fr\/wp-content\/uploads\/2011\/02\/Affiche-Festicolor-2018-706x1000.jpg 706w, http:\/\/harmoniedemeung.fr\/wp-content\/uploads\/2011\/02\/Affiche-Festicolor-2018.jpg 1092w\" sizes=\"auto, (max-width: 723px) 100vw, 723px\" \/><\/a> <a href=\"http:\/\/harmoniedemeung.fr\/wp-content\/uploads\/2011\/02\/Audition-03022018.jpg\"><img loading=\"lazy\" decoding=\"async\" class=\"alignnone size-large wp-image-1263\" src=\"http:\/\/harmoniedemeung.fr\/wp-content\/uploads\/2011\/02\/Audition-03022018-719x1024.jpg\" alt=\"\" width=\"719\" height=\"1024\" srcset=\"http:\/\/harmoniedemeung.fr\/wp-content\/uploads\/2011\/02\/Audition-03022018-719x1024.jpg 719w, http:\/\/harmoniedemeung.fr\/wp-content\/uploads\/2011\/02\/Audition-03022018-211x300.jpg 211w, http:\/\/harmoniedemeung.fr\/wp-content\/uploads\/2011\/02\/Audition-03022018-768x1093.jpg 768w, http:\/\/harmoniedemeung.fr\/wp-content\/uploads\/2011\/02\/Audition-03022018-702x1000.jpg 702w, http:\/\/harmoniedemeung.fr\/wp-content\/uploads\/2011\/02\/Audition-03022018.jpg 1074w\" sizes=\"auto, (max-width: 719px) 100vw, 719px\" \/><\/a><\/p>\n<h1><img loading=\"lazy\" decoding=\"async\" class=\"alignnone size-large wp-image-1251\" src=\"http:\/\/harmoniedemeung.fr\/wp-content\/uploads\/2011\/01\/La-Fabrique-\u00e0-Musique-724x1024.jpg\" alt=\"\" width=\"724\" height=\"1024\" srcset=\"http:\/\/harmoniedemeung.fr\/wp-content\/uploads\/2011\/01\/La-Fabrique-\u00e0-Musique-724x1024.jpg 724w, http:\/\/harmoniedemeung.fr\/wp-content\/uploads\/2011\/01\/La-Fabrique-\u00e0-Musique-212x300.jpg 212w, http:\/\/harmoniedemeung.fr\/wp-content\/uploads\/2011\/01\/La-Fabrique-\u00e0-Musique-768x1086.jpg 768w, http:\/\/harmoniedemeung.fr\/wp-content\/uploads\/2011\/01\/La-Fabrique-\u00e0-Musique-707x1000.jpg 707w, http:\/\/harmoniedemeung.fr\/wp-content\/uploads\/2011\/01\/La-Fabrique-\u00e0-Musique.jpg 1088w\" sizes=\"auto, (max-width: 724px) 100vw, 724px\" \/>&nbsp;<\/h1>\n<p><a href=\"http:\/\/harmoniedemeung.fr\/wp-content\/uploads\/2011\/01\/Bourse-\u00e0-la-musique.jpg\"><img loading=\"lazy\" decoding=\"async\" class=\"alignnone size-large wp-image-1249\" src=\"http:\/\/harmoniedemeung.fr\/wp-content\/uploads\/2011\/01\/Bourse-\u00e0-la-musique-722x1024.jpg\" alt=\"\" width=\"722\" height=\"1024\" srcset=\"http:\/\/harmoniedemeung.fr\/wp-content\/uploads\/2011\/01\/Bourse-\u00e0-la-musique-722x1024.jpg 722w, http:\/\/harmoniedemeung.fr\/wp-content\/uploads\/2011\/01\/Bourse-\u00e0-la-musique-211x300.jpg 211w, http:\/\/harmoniedemeung.fr\/wp-content\/uploads\/2011\/01\/Bourse-\u00e0-la-musique-768x1090.jpg 768w, http:\/\/harmoniedemeung.fr\/wp-content\/uploads\/2011\/01\/Bourse-\u00e0-la-musique-705x1000.jpg 705w, http:\/\/harmoniedemeung.fr\/wp-content\/uploads\/2011\/01\/Bourse-\u00e0-la-musique.jpg 1084w\" sizes=\"auto, (max-width: 722px) 100vw, 722px\" \/><\/a> <a href=\"http:\/\/harmoniedemeung.fr\/wp-content\/uploads\/2011\/01\/Concert-orgue-14-10-2017.jpg\"><img loading=\"lazy\" decoding=\"async\" class=\"alignnone size-large wp-image-1250\" src=\"http:\/\/harmoniedemeung.fr\/wp-content\/uploads\/2011\/01\/Concert-orgue-14-10-2017-719x1024.jpg\" alt=\"\" width=\"719\" height=\"1024\" srcset=\"http:\/\/harmoniedemeung.fr\/wp-content\/uploads\/2011\/01\/Concert-orgue-14-10-2017-719x1024.jpg 719w, http:\/\/harmoniedemeung.fr\/wp-content\/uploads\/2011\/01\/Concert-orgue-14-10-2017-211x300.jpg 211w, http:\/\/harmoniedemeung.fr\/wp-content\/uploads\/2011\/01\/Concert-orgue-14-10-2017-768x1094.jpg 768w, http:\/\/harmoniedemeung.fr\/wp-content\/uploads\/2011\/01\/Concert-orgue-14-10-2017-702x1000.jpg 702w, http:\/\/harmoniedemeung.fr\/wp-content\/uploads\/2011\/01\/Concert-orgue-14-10-2017.jpg 1039w\" sizes=\"auto, (max-width: 719px) 100vw, 719px\" \/><\/a>&nbsp; <a href=\"http:\/\/harmoniedemeung.fr\/wp-content\/uploads\/2011\/01\/Cocnert-Petits-Instants-21-10-2017.jpg\"><img loading=\"lazy\" decoding=\"async\" class=\"alignnone size-large wp-image-1252\" src=\"http:\/\/harmoniedemeung.fr\/wp-content\/uploads\/2011\/01\/Cocnert-Petits-Instants-21-10-2017.jpg\" alt=\"\" width=\"597\" height=\"853\" srcset=\"http:\/\/harmoniedemeung.fr\/wp-content\/uploads\/2011\/01\/Cocnert-Petits-Instants-21-10-2017.jpg 597w, http:\/\/harmoniedemeung.fr\/wp-content\/uploads\/2011\/01\/Cocnert-Petits-Instants-21-10-2017-210x300.jpg 210w\" sizes=\"auto, (max-width: 597px) 100vw, 597px\" \/><\/a> <a href=\"http:\/\/harmoniedemeung.fr\/wp-content\/uploads\/2011\/01\/Ste-C\u00e9cile-2017.jpg\"><img loading=\"lazy\" decoding=\"async\" class=\"alignnone size-large wp-image-1253\" src=\"http:\/\/harmoniedemeung.fr\/wp-content\/uploads\/2011\/01\/Ste-C\u00e9cile-2017-714x1024.jpg\" alt=\"\" width=\"714\" height=\"1024\" srcset=\"http:\/\/harmoniedemeung.fr\/wp-content\/uploads\/2011\/01\/Ste-C\u00e9cile-2017-714x1024.jpg 714w, http:\/\/harmoniedemeung.fr\/wp-content\/uploads\/2011\/01\/Ste-C\u00e9cile-2017-209x300.jpg 209w, http:\/\/harmoniedemeung.fr\/wp-content\/uploads\/2011\/01\/Ste-C\u00e9cile-2017-768x1102.jpg 768w, http:\/\/harmoniedemeung.fr\/wp-content\/uploads\/2011\/01\/Ste-C\u00e9cile-2017-697x1000.jpg 697w, http:\/\/harmoniedemeung.fr\/wp-content\/uploads\/2011\/01\/Ste-C\u00e9cile-2017.jpg 1075w\" sizes=\"auto, (max-width: 714px) 100vw, 714px\" \/><\/a><\/p>\n<p><a href=\"http:\/\/harmoniedemeung.fr\/wp-content\/uploads\/2011\/02\/affiche-inscriptions-septembre.png\"><img loading=\"lazy\" decoding=\"async\" class=\"alignnone size-full wp-image-1245\" src=\"http:\/\/harmoniedemeung.fr\/wp-content\/uploads\/2011\/02\/affiche-inscriptions-septembre.png\" alt=\"\" width=\"628\" height=\"898\" srcset=\"http:\/\/harmoniedemeung.fr\/wp-content\/uploads\/2011\/02\/affiche-inscriptions-septembre.png 628w, http:\/\/harmoniedemeung.fr\/wp-content\/uploads\/2011\/02\/affiche-inscriptions-septembre-210x300.png 210w\" sizes=\"auto, (max-width: 628px) 100vw, 628px\" \/><\/a><\/p>\n<p><a href=\"http:\/\/harmoniedemeung.fr\/wp-content\/uploads\/2011\/02\/1er-avril-COMPLET.jpg\"><img loading=\"lazy\" decoding=\"async\" class=\"alignnone size-large wp-image-1223\" src=\"http:\/\/harmoniedemeung.fr\/wp-content\/uploads\/2011\/02\/1er-avril-COMPLET-715x1024.jpg\" alt=\"1er avril COMPLET\" width=\"715\" height=\"1024\" srcset=\"http:\/\/harmoniedemeung.fr\/wp-content\/uploads\/2011\/02\/1er-avril-COMPLET-715x1024.jpg 715w, http:\/\/harmoniedemeung.fr\/wp-content\/uploads\/2011\/02\/1er-avril-COMPLET-209x300.jpg 209w, http:\/\/harmoniedemeung.fr\/wp-content\/uploads\/2011\/02\/1er-avril-COMPLET-768x1101.jpg 768w, http:\/\/harmoniedemeung.fr\/wp-content\/uploads\/2011\/02\/1er-avril-COMPLET-349x500.jpg 349w, http:\/\/harmoniedemeung.fr\/wp-content\/uploads\/2011\/02\/1er-avril-COMPLET.jpg 1076w\" sizes=\"auto, (max-width: 715px) 100vw, 715px\" \/><\/a><\/p>\n<p><a href=\"http:\/\/harmoniedemeung.fr\/wp-content\/uploads\/2011\/01\/Ste-C\u00e9cile-2016.jpg\"><img loading=\"lazy\" decoding=\"async\" class=\"alignnone size-large wp-image-1215\" src=\"http:\/\/harmoniedemeung.fr\/wp-content\/uploads\/2011\/01\/Ste-C\u00e9cile-2016-706x1024.jpg\" alt=\"ste-cecile-2016\" width=\"706\" height=\"1024\" srcset=\"http:\/\/harmoniedemeung.fr\/wp-content\/uploads\/2011\/01\/Ste-C\u00e9cile-2016-706x1024.jpg 706w, http:\/\/harmoniedemeung.fr\/wp-content\/uploads\/2011\/01\/Ste-C\u00e9cile-2016-207x300.jpg 207w, http:\/\/harmoniedemeung.fr\/wp-content\/uploads\/2011\/01\/Ste-C\u00e9cile-2016-768x1113.jpg 768w, http:\/\/harmoniedemeung.fr\/wp-content\/uploads\/2011\/01\/Ste-C\u00e9cile-2016-345x500.jpg 345w, http:\/\/harmoniedemeung.fr\/wp-content\/uploads\/2011\/01\/Ste-C\u00e9cile-2016.jpg 1063w\" sizes=\"auto, (max-width: 706px) 100vw, 706px\" \/><\/a><\/p>\n<h1><a href=\"http:\/\/harmoniedemeung.fr\/wp-content\/uploads\/2011\/02\/Affiche-BOURSE-A-LA-MUSIQUE.jpg\"><img loading=\"lazy\" decoding=\"async\" class=\"alignnone size-full wp-image-1211\" src=\"http:\/\/harmoniedemeung.fr\/wp-content\/uploads\/2011\/02\/Affiche-BOURSE-A-LA-MUSIQUE.jpg\" alt=\"affiche-bourse-a-la-musique\" width=\"522\" height=\"716\" srcset=\"http:\/\/harmoniedemeung.fr\/wp-content\/uploads\/2011\/02\/Affiche-BOURSE-A-LA-MUSIQUE.jpg 522w, http:\/\/harmoniedemeung.fr\/wp-content\/uploads\/2011\/02\/Affiche-BOURSE-A-LA-MUSIQUE-219x300.jpg 219w, http:\/\/harmoniedemeung.fr\/wp-content\/uploads\/2011\/02\/Affiche-BOURSE-A-LA-MUSIQUE-365x500.jpg 365w\" sizes=\"auto, (max-width: 522px) 100vw, 522px\" \/><\/a><\/h1>\n<h2>&nbsp;&nbsp;<a href=\"http:\/\/harmoniedemeung.fr\/wp-content\/uploads\/2011\/02\/F-de-la-M.jpg\"><img loading=\"lazy\" decoding=\"async\" class=\"alignnone size-large wp-image-1172\" src=\"http:\/\/harmoniedemeung.fr\/wp-content\/uploads\/2011\/02\/F-de-la-M-729x1024.jpg\" alt=\"F de la M\" width=\"729\" height=\"1024\" srcset=\"http:\/\/harmoniedemeung.fr\/wp-content\/uploads\/2011\/02\/F-de-la-M-729x1024.jpg 729w, http:\/\/harmoniedemeung.fr\/wp-content\/uploads\/2011\/02\/F-de-la-M-214x300.jpg 214w, http:\/\/harmoniedemeung.fr\/wp-content\/uploads\/2011\/02\/F-de-la-M-768x1079.jpg 768w, http:\/\/harmoniedemeung.fr\/wp-content\/uploads\/2011\/02\/F-de-la-M-356x500.jpg 356w, http:\/\/harmoniedemeung.fr\/wp-content\/uploads\/2011\/02\/F-de-la-M.jpg 1087w\" sizes=\"auto, (max-width: 729px) 100vw, 729px\" \/><\/a>&nbsp;&nbsp;<\/h2>\n<p><a href=\"http:\/\/harmoniedemeung.fr\/wp-content\/uploads\/2011\/02\/Juin-en-Musique.jpg\"><img loading=\"lazy\" decoding=\"async\" class=\"alignnone size-large wp-image-1174\" src=\"http:\/\/harmoniedemeung.fr\/wp-content\/uploads\/2011\/02\/Juin-en-Musique-726x1024.jpg\" alt=\"Juin en Musique\" width=\"726\" height=\"1024\" srcset=\"http:\/\/harmoniedemeung.fr\/wp-content\/uploads\/2011\/02\/Juin-en-Musique-726x1024.jpg 726w, http:\/\/harmoniedemeung.fr\/wp-content\/uploads\/2011\/02\/Juin-en-Musique-213x300.jpg 213w, http:\/\/harmoniedemeung.fr\/wp-content\/uploads\/2011\/02\/Juin-en-Musique-768x1084.jpg 768w, http:\/\/harmoniedemeung.fr\/wp-content\/uploads\/2011\/02\/Juin-en-Musique-354x500.jpg 354w, http:\/\/harmoniedemeung.fr\/wp-content\/uploads\/2011\/02\/Juin-en-Musique.jpg 1083w\" sizes=\"auto, (max-width: 726px) 100vw, 726px\" \/><\/a> <a href=\"http:\/\/harmoniedemeung.fr\/wp-content\/uploads\/2011\/02\/Affiche-Flute-24-juin.jpg\"><img loading=\"lazy\" decoding=\"async\" class=\"alignnone size-large wp-image-1173\" src=\"http:\/\/harmoniedemeung.fr\/wp-content\/uploads\/2011\/02\/Affiche-Flute-24-juin-716x1024.jpg\" alt=\"Affiche Flute 24 juin\" width=\"716\" height=\"1024\" srcset=\"http:\/\/harmoniedemeung.fr\/wp-content\/uploads\/2011\/02\/Affiche-Flute-24-juin-716x1024.jpg 716w, http:\/\/harmoniedemeung.fr\/wp-content\/uploads\/2011\/02\/Affiche-Flute-24-juin-210x300.jpg 210w, http:\/\/harmoniedemeung.fr\/wp-content\/uploads\/2011\/02\/Affiche-Flute-24-juin-768x1098.jpg 768w, http:\/\/harmoniedemeung.fr\/wp-content\/uploads\/2011\/02\/Affiche-Flute-24-juin-350x500.jpg 350w, http:\/\/harmoniedemeung.fr\/wp-content\/uploads\/2011\/02\/Affiche-Flute-24-juin.jpg 897w\" sizes=\"auto, (max-width: 716px) 100vw, 716px\" \/><\/a> <a href=\"http:\/\/harmoniedemeung.fr\/wp-content\/uploads\/2011\/02\/Cordes.jpg\"><img loading=\"lazy\" decoding=\"async\" class=\"alignnone size-large wp-image-1171\" src=\"http:\/\/harmoniedemeung.fr\/wp-content\/uploads\/2011\/02\/Cordes-723x1024.jpg\" alt=\"Cordes\" width=\"723\" height=\"1024\" srcset=\"http:\/\/harmoniedemeung.fr\/wp-content\/uploads\/2011\/02\/Cordes-723x1024.jpg 723w, http:\/\/harmoniedemeung.fr\/wp-content\/uploads\/2011\/02\/Cordes-212x300.jpg 212w, http:\/\/harmoniedemeung.fr\/wp-content\/uploads\/2011\/02\/Cordes-768x1088.jpg 768w, http:\/\/harmoniedemeung.fr\/wp-content\/uploads\/2011\/02\/Cordes-353x500.jpg 353w, http:\/\/harmoniedemeung.fr\/wp-content\/uploads\/2011\/02\/Cordes.jpg 1083w\" sizes=\"auto, (max-width: 723px) 100vw, 723px\" \/><\/a> <a href=\"http:\/\/harmoniedemeung.fr\/wp-content\/uploads\/2011\/02\/Affiche-pr\u00e9inscriptions-2016-2017.jpg\"><img loading=\"lazy\" decoding=\"async\" class=\"alignnone size-full wp-image-1170\" src=\"http:\/\/harmoniedemeung.fr\/wp-content\/uploads\/2011\/02\/Affiche-pr\u00e9inscriptions-2016-2017.jpg\" alt=\"Affiche pr\u00e9inscriptions 2016 2017\" width=\"632\" height=\"894\" srcset=\"http:\/\/harmoniedemeung.fr\/wp-content\/uploads\/2011\/02\/Affiche-pr\u00e9inscriptions-2016-2017.jpg 632w, http:\/\/harmoniedemeung.fr\/wp-content\/uploads\/2011\/02\/Affiche-pr\u00e9inscriptions-2016-2017-212x300.jpg 212w, http:\/\/harmoniedemeung.fr\/wp-content\/uploads\/2011\/02\/Affiche-pr\u00e9inscriptions-2016-2017-353x500.jpg 353w\" sizes=\"auto, (max-width: 632px) 100vw, 632px\" \/><\/a><\/p>\n<h1>&nbsp;<\/h1>\n<p><a href=\"http:\/\/harmoniedemeung.fr\/wp-content\/uploads\/2011\/02\/Affiche-Festicolor-2016.jpg\" target=\"_blank\" rel=\"noopener noreferrer\"><img loading=\"lazy\" decoding=\"async\" class=\"alignnone wp-image-1164 size-large\" src=\"http:\/\/harmoniedemeung.fr\/wp-content\/uploads\/2011\/02\/Affiche-Festicolor-2016-733x1024.jpg\" alt=\"Affiche Festicolor 2016\" width=\"733\" height=\"1024\" srcset=\"http:\/\/harmoniedemeung.fr\/wp-content\/uploads\/2011\/02\/Affiche-Festicolor-2016-733x1024.jpg 733w, http:\/\/harmoniedemeung.fr\/wp-content\/uploads\/2011\/02\/Affiche-Festicolor-2016-215x300.jpg 215w, http:\/\/harmoniedemeung.fr\/wp-content\/uploads\/2011\/02\/Affiche-Festicolor-2016-768x1072.jpg 768w, http:\/\/harmoniedemeung.fr\/wp-content\/uploads\/2011\/02\/Affiche-Festicolor-2016-358x500.jpg 358w, http:\/\/harmoniedemeung.fr\/wp-content\/uploads\/2011\/02\/Affiche-Festicolor-2016.jpg 1052w\" sizes=\"auto, (max-width: 733px) 100vw, 733px\" \/><\/a> <a href=\"http:\/\/harmoniedemeung.fr\/wp-content\/uploads\/2011\/02\/Flyer-Festicolor-2016.jpg\" target=\"_blank\" rel=\"noopener noreferrer\"><img loading=\"lazy\" decoding=\"async\" class=\"alignnone wp-image-1165 size-large\" src=\"http:\/\/harmoniedemeung.fr\/wp-content\/uploads\/2011\/02\/Flyer-Festicolor-2016-730x1024.jpg\" alt=\"Flyer Festicolor 2016\" width=\"730\" height=\"1024\" srcset=\"http:\/\/harmoniedemeung.fr\/wp-content\/uploads\/2011\/02\/Flyer-Festicolor-2016-730x1024.jpg 730w, http:\/\/harmoniedemeung.fr\/wp-content\/uploads\/2011\/02\/Flyer-Festicolor-2016-214x300.jpg 214w, http:\/\/harmoniedemeung.fr\/wp-content\/uploads\/2011\/02\/Flyer-Festicolor-2016-768x1078.jpg 768w, http:\/\/harmoniedemeung.fr\/wp-content\/uploads\/2011\/02\/Flyer-Festicolor-2016-356x500.jpg 356w, http:\/\/harmoniedemeung.fr\/wp-content\/uploads\/2011\/02\/Flyer-Festicolor-2016.jpg 985w\" sizes=\"auto, (max-width: 730px) 100vw, 730px\" \/><\/a><\/p>\n<h1>&nbsp;&nbsp;<a href=\"http:\/\/harmoniedemeung.fr\/wp-content\/uploads\/2011\/01\/Affiche-Disney.jpg\" rel=\"attachment wp-att-1128\"><img loading=\"lazy\" decoding=\"async\" class=\"alignnone size-full wp-image-1128\" src=\"http:\/\/harmoniedemeung.fr\/wp-content\/uploads\/2011\/01\/Affiche-Disney.jpg\" alt=\"Affiche Disney\" width=\"520\" height=\"735\" srcset=\"http:\/\/harmoniedemeung.fr\/wp-content\/uploads\/2011\/01\/Affiche-Disney.jpg 520w, http:\/\/harmoniedemeung.fr\/wp-content\/uploads\/2011\/01\/Affiche-Disney-212x300.jpg 212w, http:\/\/harmoniedemeung.fr\/wp-content\/uploads\/2011\/01\/Affiche-Disney-354x500.jpg 354w\" sizes=\"auto, (max-width: 520px) 100vw, 520px\" \/><\/a><\/h1>\n<p><a href=\"http:\/\/harmoniedemeung.fr\/wp-content\/uploads\/2011\/01\/affiche.png\"><img loading=\"lazy\" decoding=\"async\" class=\"alignnone size-full wp-image-1100\" src=\"http:\/\/harmoniedemeung.fr\/wp-content\/uploads\/2011\/01\/affiche.png\" alt=\"affiche\" width=\"634\" height=\"900\" srcset=\"http:\/\/harmoniedemeung.fr\/wp-content\/uploads\/2011\/01\/affiche.png 634w, http:\/\/harmoniedemeung.fr\/wp-content\/uploads\/2011\/01\/affiche-211x300.png 211w, http:\/\/harmoniedemeung.fr\/wp-content\/uploads\/2011\/01\/affiche-352x500.png 352w\" sizes=\"auto, (max-width: 634px) 100vw, 634px\" \/><\/a><\/p>\n<h1>&nbsp;Festicolor 2015<\/h1>\n<p><img loading=\"lazy\" decoding=\"async\" class=\"alignnone size-full wp-image-938\" src=\"http:\/\/harmoniedemeung.fr\/wp-content\/uploads\/2011\/02\/Affiche-petite.jpg\" alt=\"Affiche petite\" width=\"606\" height=\"905\" srcset=\"http:\/\/harmoniedemeung.fr\/wp-content\/uploads\/2011\/02\/Affiche-petite.jpg 606w, http:\/\/harmoniedemeung.fr\/wp-content\/uploads\/2011\/02\/Affiche-petite-200x300.jpg 200w, http:\/\/harmoniedemeung.fr\/wp-content\/uploads\/2011\/02\/Affiche-petite-334x500.jpg 334w\" sizes=\"auto, (max-width: 606px) 100vw, 606px\" \/><\/p>\n<p>&nbsp;<\/p>\n<h2>&nbsp;Concert de l&rsquo;Harmonie de Meung sur les musiques de Jeux Vid\u00e9os<\/h2>\n<p><a href=\"http:\/\/harmoniedemeung.fr\/wp-content\/uploads\/2015\/01\/Affiche-JV.jpg\"><img loading=\"lazy\" decoding=\"async\" class=\"alignnone size-large wp-image-1048\" src=\"http:\/\/harmoniedemeung.fr\/wp-content\/uploads\/2015\/01\/Affiche-JV-726x1024.jpg\" alt=\"Affiche JV\" width=\"726\" height=\"1024\" srcset=\"http:\/\/harmoniedemeung.fr\/wp-content\/uploads\/2015\/01\/Affiche-JV-726x1024.jpg 726w, http:\/\/harmoniedemeung.fr\/wp-content\/uploads\/2015\/01\/Affiche-JV-213x300.jpg 213w, http:\/\/harmoniedemeung.fr\/wp-content\/uploads\/2015\/01\/Affiche-JV-354x500.jpg 354w, http:\/\/harmoniedemeung.fr\/wp-content\/uploads\/2015\/01\/Affiche-JV.jpg 1360w\" sizes=\"auto, (max-width: 726px) 100vw, 726px\" \/><\/a><\/p>\n<p>&nbsp;<\/p>\n<p><a href=\"http:\/\/harmoniedemeung.fr\/wp-content\/uploads\/2014\/11\/sainte-c\u00e9cile.png\"><img loading=\"lazy\" decoding=\"async\" class=\"alignnone wp-image-846\" src=\"http:\/\/harmoniedemeung.fr\/wp-content\/uploads\/2011\/01\/aff-caf\u00e9-de-la-danse-A2-724x1024.jpg\" alt=\"aff caf\u00e9 de la danse A2\" width=\"642\" height=\"908\" srcset=\"http:\/\/harmoniedemeung.fr\/wp-content\/uploads\/2011\/01\/aff-caf\u00e9-de-la-danse-A2-724x1024.jpg 724w, http:\/\/harmoniedemeung.fr\/wp-content\/uploads\/2011\/01\/aff-caf\u00e9-de-la-danse-A2-212x300.jpg 212w, http:\/\/harmoniedemeung.fr\/wp-content\/uploads\/2011\/01\/aff-caf\u00e9-de-la-danse-A2-353x500.jpg 353w\" sizes=\"auto, (max-width: 642px) 100vw, 642px\" \/><img loading=\"lazy\" decoding=\"async\" class=\"alignnone size-full wp-image-582\" src=\"http:\/\/harmoniedemeung.fr\/wp-content\/uploads\/2014\/11\/sainte-c\u00e9cile.png\" alt=\"sainte c\u00e9cile\" width=\"634\" height=\"900\" srcset=\"http:\/\/harmoniedemeung.fr\/wp-content\/uploads\/2014\/11\/sainte-c\u00e9cile.png 634w, http:\/\/harmoniedemeung.fr\/wp-content\/uploads\/2014\/11\/sainte-c\u00e9cile-211x300.png 211w\" sizes=\"auto, (max-width: 634px) 100vw, 634px\" \/><\/a><\/p>\n<p><a href=\"http:\/\/harmoniedemeung.fr\/wp-content\/uploads\/2011\/01\/FESTICOLOR2014.jpg\"><img loading=\"lazy\" decoding=\"async\" class=\"alignnone wp-image-422\" title=\"FESTICOLOR2014\" src=\"http:\/\/harmoniedemeung.fr\/wp-content\/uploads\/2011\/01\/FESTICOLOR2014-738x1024.jpg\" alt=\"\" width=\"629\" height=\"873\" srcset=\"http:\/\/harmoniedemeung.fr\/wp-content\/uploads\/2011\/01\/FESTICOLOR2014-738x1024.jpg 738w, http:\/\/harmoniedemeung.fr\/wp-content\/uploads\/2011\/01\/FESTICOLOR2014-216x300.jpg 216w, http:\/\/harmoniedemeung.fr\/wp-content\/uploads\/2011\/01\/FESTICOLOR2014.jpg 1703w\" sizes=\"auto, (max-width: 629px) 100vw, 629px\" \/><\/a><\/p>\n<p><a href=\"http:\/\/harmoniedemeung.fr\/wp-content\/uploads\/2011\/01\/affiche-festicolor-2013.png\"><img loading=\"lazy\" decoding=\"async\" class=\"alignnone wp-image-395\" title=\"affiche festicolor 2013\" src=\"http:\/\/harmoniedemeung.fr\/wp-content\/uploads\/2011\/01\/affiche-festicolor-2013.png\" alt=\"\" width=\"622\" height=\"882\" srcset=\"http:\/\/harmoniedemeung.fr\/wp-content\/uploads\/2011\/01\/affiche-festicolor-2013.png 635w, http:\/\/harmoniedemeung.fr\/wp-content\/uploads\/2011\/01\/affiche-festicolor-2013-211x300.png 211w\" sizes=\"auto, (max-width: 622px) 100vw, 622px\" \/><\/a><\/p>\n<h1>&nbsp;<a href=\"http:\/\/harmoniedemeung.fr\/wp-content\/uploads\/2011\/01\/master-class-13-octobre.jpg\"><img loading=\"lazy\" decoding=\"async\" class=\"\" title=\"master class 13 octobre 20h30 La Fabrique\" src=\"http:\/\/harmoniedemeung.fr\/wp-content\/uploads\/2011\/01\/master-class-13-octobre.jpg\" alt=\"\" width=\"624\" height=\"879\"><\/a><\/h1>\n<h1>&nbsp;<a href=\"http:\/\/harmoniedemeung.fr\/wp-content\/uploads\/2011\/01\/Festicolor2012_web.jpg\"><img loading=\"lazy\" decoding=\"async\" title=\"Festicolor2012_web\" src=\"http:\/\/harmoniedemeung.fr\/wp-content\/uploads\/2011\/01\/Festicolor2012_web.jpg\" alt=\"\" width=\"624\" height=\"827\"><\/a><\/h1>\n<h1>&nbsp;<a href=\"http:\/\/harmoniedemeung.fr\/wp-content\/uploads\/2011\/02\/AFFICHE-COULEUR.jpg\"><img loading=\"lazy\" decoding=\"async\" title=\"AFFICHE COULEUR\" src=\"http:\/\/harmoniedemeung.fr\/wp-content\/uploads\/2011\/02\/AFFICHE-COULEUR.jpg\" alt=\"\" width=\"632\" height=\"891\"><\/a><\/h1>\n<h1>Spectacle des 2A \u00ab\u00a08 Femmes\u00a0\u00bb<\/h1>\n<address>Avec \u00c9velyne notre ch\u00e8re fl\u00fbtiste.<\/address>\n<p><a href=\"http:\/\/harmoniedemeung.fr\/wp-content\/uploads\/2011\/01\/Affiche-8-femmes.jpg\"><img loading=\"lazy\" decoding=\"async\" title=\"Affiche 8 femmes\" src=\"http:\/\/harmoniedemeung.fr\/wp-content\/uploads\/2011\/01\/Affiche-8-femmes.jpg\" alt=\"\" width=\"621\" height=\"823\"><\/a><\/p>\n<h1>\u00ab\u00a0La Polonaise\u00a0\u00bb audition de la classe de Fl\u00fbte Traversi\u00e8re<\/h1>\n<h1><a href=\"http:\/\/harmoniedemeung.fr\/wp-content\/uploads\/2011\/01\/la-polonaise.jpg\"><img loading=\"lazy\" decoding=\"async\" class=\"\" title=\"la polonaise\" src=\"http:\/\/harmoniedemeung.fr\/wp-content\/uploads\/2011\/01\/la-polonaise.jpg\" alt=\"\" width=\"623\" height=\"884\"><\/a><\/h1>\n<h1>Colombiens de la banda 26 de abril<\/h1>\n<p style=\"text-align: center;\">5 Musiciens de la banda 26 de abril de Colombie sont en France pour un mois, ne ratez pas cet \u00e9v\u00e8nement!!!<\/p>\n<p style=\"text-align: center;\">&nbsp;<a href=\"http:\/\/www.banda26deabril.com.co\/\">http:\/\/www.banda26deabril.com.co\/<\/a><\/p>\n<h1 style=\"text-align: center;\"><a href=\"..\/wp-content\/uploads\/2011\/01\/Affiche1.jpg\"><img loading=\"lazy\" decoding=\"async\" class=\"alignleft\" title=\"Affiche\" src=\"..\/wp-content\/uploads\/2011\/01\/Affiche1.jpg\" alt=\"\" width=\"546\" height=\"773\"><\/a><\/h1>\n<div>&nbsp;<\/div>\n<h1 style=\"text-align: center;\">&nbsp;<\/h1>\n\n\n<p><\/p>\n","protected":false},"excerpt":{"rendered":"<p>Prochain \u00e9v\u00e9nement: \u00c9v\u00e9nements&nbsp;pass\u00e9s : &nbsp; &nbsp; &nbsp;&nbsp;&nbsp;&nbsp; &nbsp; &nbsp;&nbsp; &nbsp;Festicolor 2015 &nbsp; &nbsp;Concert de l&rsquo;Harmonie de Meung sur les musiques&#8230;<\/p>\n","protected":false},"author":1,"featured_media":0,"parent":0,"menu_order":0,"comment_status":"closed","ping_status":"closed","template":"","meta":{"jetpack_post_was_ever_published":false,"footnotes":""},"class_list":["post-10","page","type-page","status-publish","hentry"],"jetpack_sharing_enabled":true,"jetpack_shortlink":"https:\/\/wp.me\/P4knKx-a","_links":{"self":[{"href":"http:\/\/harmoniedemeung.fr\/index.php?rest_route=\/wp\/v2\/pages\/10","targetHints":{"allow":["GET"]}}],"collection":[{"href":"http:\/\/harmoniedemeung.fr\/index.php?rest_route=\/wp\/v2\/pages"}],"about":[{"href":"http:\/\/harmoniedemeung.fr\/index.php?rest_route=\/wp\/v2\/types\/page"}],"author":[{"embeddable":true,"href":"http:\/\/harmoniedemeung.fr\/index.php?rest_route=\/wp\/v2\/users\/1"}],"replies":[{"embeddable":true,"href":"http:\/\/harmoniedemeung.fr\/index.php?rest_route=%2Fwp%2Fv2%2Fcomments&post=10"}],"version-history":[{"count":73,"href":"http:\/\/harmoniedemeung.fr\/index.php?rest_route=\/wp\/v2\/pages\/10\/revisions"}],"predecessor-version":[{"id":1359,"href":"http:\/\/harmoniedemeung.fr\/index.php?rest_route=\/wp\/v2\/pages\/10\/revisions\/1359"}],"wp:attachment":[{"href":"http:\/\/harmoniedemeung.fr\/index.php?rest_route=%2Fwp%2Fv2%2Fmedia&parent=10"}],"curies":[{"name":"wp","href":"https:\/\/api.w.org\/{rel}","templated":true}]}}