{"id":31,"date":"2011-02-02T08:51:22","date_gmt":"2011-02-02T08:51:22","guid":{"rendered":"http:\/\/harmoniedemeung.fr\/?page_id=31"},"modified":"2024-10-23T15:06:53","modified_gmt":"2024-10-23T15:06:53","slug":"accueil","status":"publish","type":"page","link":"https:\/\/harmoniedemeung.fr\/","title":{"rendered":"Accueil"},"content":{"rendered":"<h1>Actualit\u00e9s<\/h1>\n<p>Artistes \u00e0 d\u00e9couvrir :<\/p>\n<p>Too Many Zooz vu \u00e0 la guinguette la sardine \u00e0 Orl\u00e9ans<\/p>\n<p><iframe loading=\"lazy\" title=\"Too Many Zooz best performance good audio\" width=\"500\" height=\"281\" src=\"https:\/\/www.youtube.com\/embed\/jMe6Y8GDVEI?feature=oembed\" frameborder=\"0\" allow=\"accelerometer; autoplay; clipboard-write; encrypted-media; gyroscope; picture-in-picture; web-share\" referrerpolicy=\"strict-origin-when-cross-origin\" allowfullscreen><\/iframe><\/p>\n<p>Faada Freddy au grand unisson de St Jean de la ruelle, d\u00e9but de la musique \u00e0 1&rsquo;43<\/p>\n<p><iframe loading=\"lazy\" title=\"Faada Freddy - Le Ring - Live\" width=\"500\" height=\"281\" src=\"https:\/\/www.youtube.com\/embed\/X3FF_rGNI50?start=103&#038;feature=oembed\" frameborder=\"0\" allow=\"accelerometer; autoplay; clipboard-write; encrypted-media; gyroscope; picture-in-picture; web-share\" referrerpolicy=\"strict-origin-when-cross-origin\" allowfullscreen><\/iframe><\/p>\n<p><span style=\"color: #0000ff;\">Festicolor 2015&#8230;\u00a0<\/span><\/p>\n<p>Une superbe \u00e9dition 2015, un public nombreux et ravi.<\/p>\n<p>Si vous n&rsquo;avez pas pu \u00eatre pr\u00e9sent voici deux\u00a0vid\u00e9os pour vous donner envie de bloquer les dates pour l&rsquo;ann\u00e9e prochaine.<\/p>\n<p><iframe loading=\"lazy\" title=\"Danakil met le feu au Festicolor 2015\" width=\"500\" height=\"281\" src=\"https:\/\/www.youtube.com\/embed\/zk3kLqp_Ktg?start=489&#038;feature=oembed\" frameborder=\"0\" allow=\"accelerometer; autoplay; clipboard-write; encrypted-media; gyroscope; picture-in-picture; web-share\" referrerpolicy=\"strict-origin-when-cross-origin\" allowfullscreen><\/iframe><\/p>\n<p><iframe loading=\"lazy\" title=\"Extraits du Festicolor 2015\" width=\"500\" height=\"281\" src=\"https:\/\/www.youtube.com\/embed\/9-dhYdCzELQ?feature=oembed\" frameborder=\"0\" allow=\"accelerometer; autoplay; clipboard-write; encrypted-media; gyroscope; picture-in-picture; web-share\" referrerpolicy=\"strict-origin-when-cross-origin\" allowfullscreen><\/iframe><\/p>\n<h1><span style=\"color: #0000ff;\"><a href=\"http:\/\/harmoniedemeung.fr\/wp-content\/uploads\/2011\/02\/Les-\u00e9coutes-EMJI.jpg\"><img loading=\"lazy\" decoding=\"async\" class=\"alignnone size-large wp-image-1063\" src=\"http:\/\/harmoniedemeung.fr\/wp-content\/uploads\/2011\/02\/Les-\u00e9coutes-EMJI-783x1024.jpg\" alt=\"Les \u00e9coutes EMJI\" width=\"783\" height=\"1024\" srcset=\"https:\/\/harmoniedemeung.fr\/wp-content\/uploads\/2011\/02\/Les-\u00e9coutes-EMJI-783x1024.jpg 783w, https:\/\/harmoniedemeung.fr\/wp-content\/uploads\/2011\/02\/Les-\u00e9coutes-EMJI-229x300.jpg 229w, https:\/\/harmoniedemeung.fr\/wp-content\/uploads\/2011\/02\/Les-\u00e9coutes-EMJI-382x500.jpg 382w, https:\/\/harmoniedemeung.fr\/wp-content\/uploads\/2011\/02\/Les-\u00e9coutes-EMJI.jpg 1105w\" sizes=\"auto, (max-width: 783px) 100vw, 783px\" \/><\/a><\/span><\/h1>\n<h3>https:\/\/youtu.be\/g7BES7TwDt8<\/h3>\n<h3><span style=\"color: #0000ff;\">Concerts Jeux Vid\u00e9o du 28 mars<\/span><\/h3>\n<p><span style=\"color: #000000;\">Beaucoup de travail et de pr\u00e9paration pour un spectacle qui aura enchant\u00e9 un public tr\u00e8s nombreux lors de\u00a0deux concerts.<\/span><\/p>\n<p><a href=\"http:\/\/harmoniedemeung.fr\/wp-content\/uploads\/2011\/02\/article-r\u00e9publique-du-centre-28-mars.png\"><img loading=\"lazy\" decoding=\"async\" class=\"alignnone size-full wp-image-1057\" src=\"http:\/\/harmoniedemeung.fr\/wp-content\/uploads\/2011\/02\/article-r\u00e9publique-du-centre-28-mars.png\" alt=\"article r\u00e9publique du centre 28 mars\" width=\"413\" height=\"696\" srcset=\"https:\/\/harmoniedemeung.fr\/wp-content\/uploads\/2011\/02\/article-r\u00e9publique-du-centre-28-mars.png 413w, https:\/\/harmoniedemeung.fr\/wp-content\/uploads\/2011\/02\/article-r\u00e9publique-du-centre-28-mars-178x300.png 178w, https:\/\/harmoniedemeung.fr\/wp-content\/uploads\/2011\/02\/article-r\u00e9publique-du-centre-28-mars-297x500.png 297w\" sizes=\"auto, (max-width: 413px) 100vw, 413px\" \/><\/a><\/p>\n<p><span style=\"color: #000000;\">Voici quelques souvenirs de ce spectacle en attendant le DVD&#8230;<\/span><\/p>\n<p><iframe loading=\"lazy\" title=\"pokemon danse, concert de l&#039;Harmonie de Meung 28 mars 2015\" width=\"500\" height=\"375\" src=\"https:\/\/www.youtube.com\/embed\/TG_-5kNji7A?feature=oembed\" frameborder=\"0\" allow=\"accelerometer; autoplay; clipboard-write; encrypted-media; gyroscope; picture-in-picture; web-share\" referrerpolicy=\"strict-origin-when-cross-origin\" allowfullscreen><\/iframe><\/p>\n<p><iframe loading=\"lazy\" title=\"Mario et Luigi \u00e0 Meung-sur-Loire\" width=\"500\" height=\"281\" src=\"https:\/\/www.youtube.com\/embed\/VYAzDQBEFVo?feature=oembed\" frameborder=\"0\" allow=\"accelerometer; autoplay; clipboard-write; encrypted-media; gyroscope; picture-in-picture; web-share\" referrerpolicy=\"strict-origin-when-cross-origin\" allowfullscreen><\/iframe><\/p>\n<div id='gallery-1' class='gallery galleryid-31 gallery-columns-2 gallery-size-medium'><figure class='gallery-item'>\n\t\t\t<div class='gallery-icon landscape'>\n\t\t\t\t<a href='https:\/\/harmoniedemeung.fr\/wp-content\/uploads\/2011\/02\/10959292_969125876438433_2144166046428302840_o.jpg'><img loading=\"lazy\" decoding=\"async\" width=\"300\" height=\"200\" src=\"https:\/\/harmoniedemeung.fr\/wp-content\/uploads\/2011\/02\/10959292_969125876438433_2144166046428302840_o-300x200.jpg\" class=\"attachment-medium size-medium\" alt=\"\" srcset=\"https:\/\/harmoniedemeung.fr\/wp-content\/uploads\/2011\/02\/10959292_969125876438433_2144166046428302840_o-300x200.jpg 300w, https:\/\/harmoniedemeung.fr\/wp-content\/uploads\/2011\/02\/10959292_969125876438433_2144166046428302840_o-1024x683.jpg 1024w, https:\/\/harmoniedemeung.fr\/wp-content\/uploads\/2011\/02\/10959292_969125876438433_2144166046428302840_o-750x500.jpg 750w, https:\/\/harmoniedemeung.fr\/wp-content\/uploads\/2011\/02\/10959292_969125876438433_2144166046428302840_o.jpg 2048w\" sizes=\"auto, (max-width: 300px) 100vw, 300px\" \/><\/a>\n\t\t\t<\/div><\/figure><figure class='gallery-item'>\n\t\t\t<div class='gallery-icon landscape'>\n\t\t\t\t<a href='https:\/\/harmoniedemeung.fr\/wp-content\/uploads\/2011\/02\/10864000_969125883105099_3979571523056259906_o.jpg'><img loading=\"lazy\" decoding=\"async\" width=\"300\" height=\"200\" src=\"https:\/\/harmoniedemeung.fr\/wp-content\/uploads\/2011\/02\/10864000_969125883105099_3979571523056259906_o-300x200.jpg\" class=\"attachment-medium size-medium\" alt=\"\" srcset=\"https:\/\/harmoniedemeung.fr\/wp-content\/uploads\/2011\/02\/10864000_969125883105099_3979571523056259906_o-300x200.jpg 300w, https:\/\/harmoniedemeung.fr\/wp-content\/uploads\/2011\/02\/10864000_969125883105099_3979571523056259906_o-1024x683.jpg 1024w, https:\/\/harmoniedemeung.fr\/wp-content\/uploads\/2011\/02\/10864000_969125883105099_3979571523056259906_o-750x500.jpg 750w, https:\/\/harmoniedemeung.fr\/wp-content\/uploads\/2011\/02\/10864000_969125883105099_3979571523056259906_o.jpg 2048w\" sizes=\"auto, (max-width: 300px) 100vw, 300px\" \/><\/a>\n\t\t\t<\/div><\/figure><figure class='gallery-item'>\n\t\t\t<div class='gallery-icon landscape'>\n\t\t\t\t<a href='https:\/\/harmoniedemeung.fr\/wp-content\/uploads\/2011\/02\/10849066_969125873105100_459919968338311337_o.jpg'><img loading=\"lazy\" decoding=\"async\" width=\"300\" height=\"200\" src=\"https:\/\/harmoniedemeung.fr\/wp-content\/uploads\/2011\/02\/10849066_969125873105100_459919968338311337_o-300x200.jpg\" class=\"attachment-medium size-medium\" alt=\"\" srcset=\"https:\/\/harmoniedemeung.fr\/wp-content\/uploads\/2011\/02\/10849066_969125873105100_459919968338311337_o-300x200.jpg 300w, https:\/\/harmoniedemeung.fr\/wp-content\/uploads\/2011\/02\/10849066_969125873105100_459919968338311337_o-1024x683.jpg 1024w, https:\/\/harmoniedemeung.fr\/wp-content\/uploads\/2011\/02\/10849066_969125873105100_459919968338311337_o-750x500.jpg 750w, https:\/\/harmoniedemeung.fr\/wp-content\/uploads\/2011\/02\/10849066_969125873105100_459919968338311337_o.jpg 2048w\" sizes=\"auto, (max-width: 300px) 100vw, 300px\" \/><\/a>\n\t\t\t<\/div><\/figure><figure class='gallery-item'>\n\t\t\t<div class='gallery-icon landscape'>\n\t\t\t\t<a href='https:\/\/harmoniedemeung.fr\/wp-content\/uploads\/2011\/02\/10974305_969125836438437_3393134049776774781_o.jpg'><img loading=\"lazy\" decoding=\"async\" width=\"300\" height=\"200\" src=\"https:\/\/harmoniedemeung.fr\/wp-content\/uploads\/2011\/02\/10974305_969125836438437_3393134049776774781_o-300x200.jpg\" class=\"attachment-medium size-medium\" alt=\"\" srcset=\"https:\/\/harmoniedemeung.fr\/wp-content\/uploads\/2011\/02\/10974305_969125836438437_3393134049776774781_o-300x200.jpg 300w, https:\/\/harmoniedemeung.fr\/wp-content\/uploads\/2011\/02\/10974305_969125836438437_3393134049776774781_o-1024x683.jpg 1024w, https:\/\/harmoniedemeung.fr\/wp-content\/uploads\/2011\/02\/10974305_969125836438437_3393134049776774781_o-750x500.jpg 750w, https:\/\/harmoniedemeung.fr\/wp-content\/uploads\/2011\/02\/10974305_969125836438437_3393134049776774781_o.jpg 2048w\" sizes=\"auto, (max-width: 300px) 100vw, 300px\" \/><\/a>\n\t\t\t<\/div><\/figure>\n\t\t<\/div>\n\n<h3><span style=\"color: #0000ff;\">EMJI &#8211; La nouvelle star, sur D8<\/span><\/h3>\n<p><span style=\"color: #000000;\">Ce soir regardez bien vos \u00e9crans, nous venons soutenir EMJI en force ! Nous sommes 38 de l&rsquo;Harmonie \u00e0 faire le trajet,\u00a0nous serons \u00e0 gauche de la sc\u00e8ne&#8230;<\/span><\/p>\n<p><span style=\"color: #000000;\">Pensez \u00e0 voter, gratuit via twitter (possibilit\u00e9 de voter dix fois)<\/span><\/p>\n<p><span style=\"color: #000000;\">http:\/\/www.d8.tv\/d8-divertissement\/ms-nouvelle-star-2015\/pid7871-vote.html<\/span><\/p>\n<p><a href=\"http:\/\/harmoniedemeung.fr\/wp-content\/uploads\/2011\/02\/10452289_951723248178696_6805835812350545930_n.jpg\"><img loading=\"lazy\" decoding=\"async\" class=\"aligncenter wp-image-1029 size-full\" src=\"http:\/\/harmoniedemeung.fr\/wp-content\/uploads\/2011\/02\/10452289_951723248178696_6805835812350545930_n.jpg\" alt=\"10452289_951723248178696_6805835812350545930_n\" width=\"720\" height=\"450\" srcset=\"https:\/\/harmoniedemeung.fr\/wp-content\/uploads\/2011\/02\/10452289_951723248178696_6805835812350545930_n.jpg 720w, https:\/\/harmoniedemeung.fr\/wp-content\/uploads\/2011\/02\/10452289_951723248178696_6805835812350545930_n-300x187.jpg 300w\" sizes=\"auto, (max-width: 720px) 100vw, 720px\" \/><\/a><\/p>\n<h4><span style=\"color: #000080;\">Chronique d&rsquo;une sacr\u00e9e soir\u00e9e !<\/span><\/h4>\n<p><span style=\"color: #000000;\">Jeudi 22 janvier 2015\u00a0: Jour de f\u00eate\u00a0! Nous d\u00e9barquons en force \u00e0 l\u2019Arche St Germain, pour soutenir Emji lors du 1<sup>er<\/sup> prime de la Nouvelle Star. Arm\u00e9s de nos banderoles et de nos T-shirts Festicolor, nous investissons les lieux, et rejoignons quelques Magdunois et Loiretains d\u00e9j\u00e0 sur place. Et quelle ambiance il y a l\u00e0-bas\u00a0! Au beau milieu de la foule, un vent de folie souffle pour l\u2019encourager, notre Star. Bon, c\u2019est vrai que sur place, le son n\u2019est pas g\u00e9nial, et nous n\u2019avons pas de retour sonore sur sa prestation. Qu\u2019\u00e0 cela ne tienne, on applaudit, on crie tout ce qu\u2019on peut pour lui dire qu\u2019on est l\u00e0, qu\u2019on a foi en elle, qu\u2019elle va encore nous \u00e9poustoufler\u2026 Et elle l\u2019a fait\u00a0! Une fois encore, nous avons \u00e9t\u00e9 \u00e9bahis par sa prestation, toute en douceur, toute en finesse, et pourtant tellement puissante. Alors, apr\u00e8s l\u2019avoir f\u00e9licit\u00e9e et bisout\u00e9e, nous retournons le c\u0153ur l\u00e9ger, dans nos p\u00e9nates lig\u00e9riennes, la t\u00eate bourdonnante de ses refrains, le c\u0153ur battant au rythme de ses chansons, esp\u00e9rant plus que jamais que l\u2019aventure continue encore longtemps\u00a0! Merci Emji<\/span><\/p>\n<p><span style=\"color: #000000;\">\u00c7a y est le concert au Caf\u00e9 de la Danse \u00e0 Paris est pass\u00e9. Salle comble, public et musiciens ravis m\u00eame enchant\u00e9s, que du bonheur partag\u00e9 ce 20 d\u00e9cembre.<\/span><\/p>\n<p><span style=\"color: #000000;\">Sur la page facebook retrouvez les vid\u00e9os d&rsquo;EMJI :<\/span><\/p>\n<p><a href=\"https:\/\/www.facebook.com\/pages\/Harmonie-de-Meung\/905750419442646\" target=\"_blank\" rel=\"noopener noreferrer\">https:\/\/www.facebook.com\/pages\/Harmonie-de-Meung\/905750419442646<\/a><\/p>\n<p><iframe loading=\"lazy\" src=\"\/\/www.youtube.com\/embed\/videoseries?list=PLxQMx-OUsXgqcExmlhEUSm-_vMNh-o1mg\" width=\"560\" height=\"315\" frameborder=\"0\" allowfullscreen=\"allowfullscreen\"><\/iframe><\/p>\n<p><a href=\"http:\/\/harmoniedemeung.fr\/wp-content\/uploads\/2011\/02\/Article.jpg\"><img loading=\"lazy\" decoding=\"async\" class=\"alignnone size-full wp-image-858\" src=\"http:\/\/harmoniedemeung.fr\/wp-content\/uploads\/2011\/02\/Article.jpg\" alt=\"Article\" width=\"506\" height=\"338\" srcset=\"https:\/\/harmoniedemeung.fr\/wp-content\/uploads\/2011\/02\/Article.jpg 506w, https:\/\/harmoniedemeung.fr\/wp-content\/uploads\/2011\/02\/Article-300x200.jpg 300w\" sizes=\"auto, (max-width: 506px) 100vw, 506px\" \/><\/a><\/p>\n<p><a href=\"http:\/\/harmoniedemeung.fr\/wp-content\/uploads\/2011\/01\/aff-caf\u00e9-de-la-danse-A2.jpg\"><img loading=\"lazy\" decoding=\"async\" class=\"alignnone wp-image-846\" src=\"http:\/\/harmoniedemeung.fr\/wp-content\/uploads\/2011\/01\/aff-caf\u00e9-de-la-danse-A2-724x1024.jpg\" alt=\"aff caf\u00e9 de la danse A2\" width=\"483\" height=\"683\" srcset=\"https:\/\/harmoniedemeung.fr\/wp-content\/uploads\/2011\/01\/aff-caf\u00e9-de-la-danse-A2-724x1024.jpg 724w, https:\/\/harmoniedemeung.fr\/wp-content\/uploads\/2011\/01\/aff-caf\u00e9-de-la-danse-A2-212x300.jpg 212w, https:\/\/harmoniedemeung.fr\/wp-content\/uploads\/2011\/01\/aff-caf\u00e9-de-la-danse-A2-353x500.jpg 353w\" sizes=\"auto, (max-width: 483px) 100vw, 483px\" \/><\/a><\/p>\n","protected":false},"excerpt":{"rendered":"<p>Actualit\u00e9s Artistes \u00e0 d\u00e9couvrir : Too Many Zooz vu \u00e0 la guinguette la sardine \u00e0 Orl\u00e9ans Faada Freddy au grand&#8230;<\/p>\n","protected":false},"author":1,"featured_media":0,"parent":0,"menu_order":0,"comment_status":"closed","ping_status":"closed","template":"","meta":{"jetpack_post_was_ever_published":false,"footnotes":""},"class_list":["post-31","page","type-page","status-publish","hentry"],"jetpack_sharing_enabled":true,"jetpack_shortlink":"https:\/\/wp.me\/P4knKx-v","_links":{"self":[{"href":"https:\/\/harmoniedemeung.fr\/index.php?rest_route=\/wp\/v2\/pages\/31","targetHints":{"allow":["GET"]}}],"collection":[{"href":"https:\/\/harmoniedemeung.fr\/index.php?rest_route=\/wp\/v2\/pages"}],"about":[{"href":"https:\/\/harmoniedemeung.fr\/index.php?rest_route=\/wp\/v2\/types\/page"}],"author":[{"embeddable":true,"href":"https:\/\/harmoniedemeung.fr\/index.php?rest_route=\/wp\/v2\/users\/1"}],"replies":[{"embeddable":true,"href":"https:\/\/harmoniedemeung.fr\/index.php?rest_route=%2Fwp%2Fv2%2Fcomments&post=31"}],"version-history":[{"count":145,"href":"https:\/\/harmoniedemeung.fr\/index.php?rest_route=\/wp\/v2\/pages\/31\/revisions"}],"predecessor-version":[{"id":1396,"href":"https:\/\/harmoniedemeung.fr\/index.php?rest_route=\/wp\/v2\/pages\/31\/revisions\/1396"}],"wp:attachment":[{"href":"https:\/\/harmoniedemeung.fr\/index.php?rest_route=%2Fwp%2Fv2%2Fmedia&parent=31"}],"curies":[{"name":"wp","href":"https:\/\/api.w.org\/{rel}","templated":true}]}}